{"version":"1.0","provider_name":"Sandra Rehm - Gemeinsam f\u00fcr mehr Wohlbefinden","provider_url":"https:\/\/sandra-rehm.de","author_name":"admin","author_url":"https:\/\/sandra-rehm.de\/index.php\/author\/roland_bux1al22\/","title":"Mitarbeitertrainings - Sandra Rehm - Gemeinsam f\u00fcr mehr Wohlbefinden","type":"rich","width":600,"height":338,"html":"<blockquote class=\"wp-embedded-content\" data-secret=\"TjikVf6sti\"><a href=\"https:\/\/sandra-rehm.de\/index.php\/mitarbeitertrainings\/\">Mitarbeitertrainings<\/a><\/blockquote><iframe sandbox=\"allow-scripts\" security=\"restricted\" src=\"https:\/\/sandra-rehm.de\/index.php\/mitarbeitertrainings\/embed\/#?secret=TjikVf6sti\" width=\"600\" height=\"338\" title=\"&#8222;Mitarbeitertrainings&#8220; &#8211; Sandra Rehm - Gemeinsam f\u00fcr mehr Wohlbefinden\" data-secret=\"TjikVf6sti\" frameborder=\"0\" marginwidth=\"0\" marginheight=\"0\" scrolling=\"no\" class=\"wp-embedded-content\"><\/iframe><script type=\"text\/javascript\">\n\/* <![CDATA[ *\/\n\/*! This file is auto-generated *\/\n!function(d,l){\"use strict\";l.querySelector&&d.addEventListener&&\"undefined\"!=typeof URL&&(d.wp=d.wp||{},d.wp.receiveEmbedMessage||(d.wp.receiveEmbedMessage=function(e){var t=e.data;if((t||t.secret||t.message||t.value)&&!\/[^a-zA-Z0-9]\/.test(t.secret)){for(var s,r,n,a=l.querySelectorAll('iframe[data-secret=\"'+t.secret+'\"]'),o=l.querySelectorAll('blockquote[data-secret=\"'+t.secret+'\"]'),c=new RegExp(\"^https?:$\",\"i\"),i=0;i<o.length;i++)o[i].style.display=\"none\";for(i=0;i<a.length;i++)s=a[i],e.source===s.contentWindow&&(s.removeAttribute(\"style\"),\"height\"===t.message?(1e3<(r=parseInt(t.value,10))?r=1e3:~~r<200&&(r=200),s.height=r):\"link\"===t.message&&(r=new URL(s.getAttribute(\"src\")),n=new URL(t.value),c.test(n.protocol))&&n.host===r.host&&l.activeElement===s&&(d.top.location.href=t.value))}},d.addEventListener(\"message\",d.wp.receiveEmbedMessage,!1),l.addEventListener(\"DOMContentLoaded\",function(){for(var e,t,s=l.querySelectorAll(\"iframe.wp-embedded-content\"),r=0;r<s.length;r++)(t=(e=s[r]).getAttribute(\"data-secret\"))||(t=Math.random().toString(36).substring(2,12),e.src+=\"#?secret=\"+t,e.setAttribute(\"data-secret\",t)),e.contentWindow.postMessage({message:\"ready\",secret:t},\"*\")},!1)))}(window,document);\n\/\/# sourceURL=https:\/\/sandra-rehm.de\/wp-includes\/js\/wp-embed.min.js\n\/* ]]> *\/\n<\/script>\n","description":"St\u00e4rken Sie die Kompetenzen Ihrer Mitarbeitenden f\u00fcr ein gutes Miteinander und Selbstf\u00fcrsorge! Gut ausgebildete und motivierte Mitarbeitende sind das Fundament jedes erfolgreichen Unternehmens. Meine Mitarbeitertrainings erg\u00e4nzen optimal die Beratungsangebote, um die gesamte Organisation nachhaltig zu st\u00e4rken. Mit den vier zentralen Bausteinen \u2013 Kommunikationstraining, Konfliktf\u00e4higkeit, Stressmanagement und Resilienzf\u00f6rderung \u2013 unterst\u00fctze ich Ihre Teams dabei, Herausforderungen souver\u00e4n&hellip; Weiterlesen","thumbnail_url":"https:\/\/sandra-rehm.de\/wp-content\/uploads\/2025\/06\/nina_skripietz_fotografie_Sandra_Rehm-48-von-83-scaled.jpg"}