{"id":53,"date":"2024-11-26T10:14:18","date_gmt":"2024-11-26T10:14:18","guid":{"rendered":"https:\/\/sandra-rehm.de\/?page_id=53"},"modified":"2025-06-04T12:47:42","modified_gmt":"2025-06-04T12:47:42","slug":"mitarbeitertrainings","status":"publish","type":"page","link":"https:\/\/sandra-rehm.de\/index.php\/mitarbeitertrainings\/","title":{"rendered":"Mitarbeitertrainings"},"content":{"rendered":"<div  data-label=\"Cta\" data-id=\"cta-centered-bg-section\" data-category=\"cta\" class=\"cta-centered-bg-section white-text white-text-section\" data-parallax-depth=\"20\" id=\"cta-1\" style=\"background-color: rgb(246, 246, 246); background-image: url(&quot;https:\/\/sandra-rehm.de\/wp-content\/uploads\/2025\/01\/nina_skripietz_fotografie_Sandra_Rehm-37-von-83-scaled.jpg&quot;); background-size: cover; background-position: center top;\" data-ovid=\"ovid-cta-1-884\"> <div  class=\"gridContainer\"> <div  class=\"cta-centered-bg-section-row\"> <div  class=\"cta-centered-bg-section-row-2\"> <div  class=\"cta-centered-bg-section-col dynamic-color\" data-type=\"column\"> <h2  class=\"\">St\u00e4rken Sie die Kompetenzen Ihrer Mitarbeitenden f\u00fcr ein gutes Miteinander und Selbstf\u00fcrsorge!<\/h2>  <p  class=\"\"><span  style=\"color: rgb(247, 242, 242); font-weight: 400;\">Gut ausgebildete und motivierte Mitarbeitende sind das Fundament jedes erfolgreichen Unternehmens. Meine Mitarbeitertrainings erg\u00e4nzen optimal die Beratungsangebote, um die gesamte Organisation nachhaltig zu st\u00e4rken. Mit den vier zentralen Bausteinen \u2013 Kommunikationstraining, Konfliktf\u00e4higkeit, Stressmanagement und Resilienzf\u00f6rderung \u2013 unterst\u00fctze ich Ihre Teams dabei, Herausforderungen souver\u00e4n zu meistern, effektiv zu kommunizieren und gesund sowie leistungsf\u00e4hig zu bleiben. Die praxisnahen Seminare schaffen nicht nur individuelle Entwicklungsm\u00f6glichkeiten, sondern f\u00f6rdern auch eine positive Unternehmenskultur und st\u00e4rken die Zusammenarbeit im Team.<\/span><span  id=\"_mce_caret\" data-mce-bogus=\"1\" data-mce-type=\"format-caret\"><span  style=\"color: rgb(247, 242, 242); font-weight: 400;\">\ufeff<\/span><\/span><\/p><\/div> <\/div> <\/div> <\/div> <\/div><div  data-label=\"Features\" data-id=\"features-image-cards-section\" data-category=\"features\" class=\"features-image-cards-section\" style=\"background-color: rgb(246, 246, 246);\" id=\"features-2\"> <div  class=\"gridContainer\"> <div  class=\"features-image-cards-textrow\"> <div  class=\"features-image-cards-textcol dynamic-color\" data-type=\"column\">  <p  class=\"\"><\/p> <\/div> <\/div> <div  class=\"features-image-cards-innerrow flexbox-list dark-text\" data-type=\"row\"> <div  class=\"features-image-cards-cardcol cp6cols-tablet cp6cols\"> <div  class=\"features-image-cards-cardrow\"><img  decoding=\"async\" class=\"features-image-cards-featimg\" src=\"https:\/\/sandra-rehm.de\/wp-content\/uploads\/2025\/06\/nina_skripietz_fotografie_Sandra_Rehm-48-von-83-scaled.jpg\" alt=\"Ressourcenarbeit im Stressmanagement\"> <div  class=\"features-image-cards-cardtextrow\" data-type=\"column\"> <p  class=\"\">Gelassen und leistungsf\u00e4hig im Arbeitsalltag<\/p><h4  class=\"\">Stressmanagement und Entspannungstechniken<\/h4>  <hr  class=\"features-image-cards-separator\"> <p  class=\"\">Stress geh\u00f6rt f\u00fcr viele zum beruflichen Alltag, doch anhaltende Belastungen k\u00f6nnen schnell zu Ersch\u00f6pfung, Leistungsabfall und gesundheitlichen Problemen f\u00fchren. Unser Seminar zum Thema Stressmanagement vermittelt Ihren Mitarbeitenden praxisnahe Strategien, um mit Stresssituationen souver\u00e4n umzugehen und ihre innere Balance zu bewahren. Die Teilnehmenden lernen, Stressausl\u00f6ser zu erkennen, gezielt abzubauen und pr\u00e4ventiv entgegenzuwirken. Dabei stehen sowohl individuelle Techniken wie Entspannungs\u00fcbungen als auch der Umgang mit \u00e4u\u00dferen Anforderungen im Fokus. Ziel ist es, die Resilienz zu st\u00e4rken, die mentale Gesundheit zu f\u00f6rdern und die Leistungsf\u00e4higkeit langfristig zu sichern. Gemeinsam schaffen wir die Grundlage f\u00fcr einen gelasseneren und produktiveren Arbeitsalltag.\n<br ><br ><span  style=\"font-weight: 600;\">Stressausl\u00f6ser erkennen<\/span><br >\nIdentifikation pers\u00f6nlicher und beruflicher Stressfaktoren.<br >\n<br >\n<span  style=\"font-weight: 600;\">Praktische Bew\u00e4ltigungsstrategien<\/span><br >\nErlernen von Methoden zur Reduktion und Kontrolle von Stress.<br ><br ><span  style=\"font-weight: 600;\">Entspannungstechniken<\/span><br >\nEinf\u00fchrung in wirksame \u00dcbungen wie Atemtechniken oder Achtsamkeit.<\/p><\/div> <\/div> <\/div> <div  class=\"features-image-cards-cardcol cp6cols-tablet cp6cols\"> <div  class=\"features-image-cards-cardrow\"><img  decoding=\"async\" class=\"features-image-cards-featimg\" src=\"https:\/\/sandra-rehm.de\/wp-content\/uploads\/2025\/01\/nina_skripietz_fotografie_Sandra_Rehm-52-von-83-scaled.jpg\" alt=\"Buddha Stehaufm\u00e4nnchen als Syambol f\u00fcr gesunde F\u00fchrung\"> <div  class=\"features-image-cards-cardtextrow\" data-type=\"column\"> <p  class=\"\">Die Steh-auf-M\u00e4nnchenkompetenz<\/p><h4  class=\"\">Resilienztraining<\/h4>  <hr  class=\"features-image-cards-separator\"> <p  class=\"\">Resilienz ist die F\u00e4higkeit, auch in schwierigen Situationen handlungsf\u00e4hig zu bleiben und gest\u00e4rkt aus Herausforderungen hervorzugehen. Im Resilienz-Seminar lernen Ihre Mitarbeitenden, wie sie ihre innere Widerstandskraft aufbauen und Belastungen effektiv bew\u00e4ltigen k\u00f6nnen. Mit praxisnahen Methoden und \u00dcbungen f\u00f6rdert das Training eine positive Denkweise, st\u00e4rkt den Umgang mit Stress und unterst\u00fctzt die Teilnehmenden dabei, pers\u00f6nliche Ressourcen zu aktivieren. Resiliente Mitarbeitende sind nicht nur ges\u00fcnder und zufriedener, sondern auch produktiver und motivierter \u2013 ein Gewinn f\u00fcr jedes Unternehmen. Gemeinsam schaffen wir die Basis f\u00fcr langfristige Stabilit\u00e4t und Erfolg, selbst in turbulenten Zeiten.\n<br ><br ><span  style=\"font-weight: 600;\">Umgang mit R\u00fcckschl\u00e4gen<\/span><br >\nStrategien entwickeln, um Herausforderungen konstruktiv zu bew\u00e4ltigen.\n<br ><br ><span  style=\"font-weight: 600;\">Ressourcen st\u00e4rken<\/span><br >\nErkennen und gezieltes Nutzen individueller St\u00e4rken und F\u00e4higkeiten.\n<br ><br ><span  style=\"font-weight: 600;\">Positives Denken<\/span><br >\nAufbau mentaler St\u00e4rke durch Optimismus und l\u00f6sungsorientiertes Handeln.<\/p><\/div> <\/div> <\/div> <div  class=\"features-image-cards-cardcol cp6cols-tablet cp6cols\"> <div  class=\"features-image-cards-cardrow\"><img  decoding=\"async\" class=\"features-image-cards-featimg\" src=\"https:\/\/sandra-rehm.de\/wp-content\/uploads\/2025\/01\/SandraRehm-3-1-scaled.jpg\" alt=\"Sandra Rehm im Gespr\u00e4ch\"> <div  class=\"features-image-cards-cardtextrow\" data-type=\"column\"> <p  class=\"\"><span ><span >Mehr als nur Worte<\/span><\/span><\/p><h4  class=\"\">Kommunikationstraining<\/h4>  <hr  class=\"features-image-cards-separator\"> <p  class=\"\">Erfolgreiche Kommunikation ist der Schl\u00fcssel zu einer produktiven Zusammenarbeit und einem positiven Betriebsklima. Im Kommunikationstraining lernen Ihre Mitarbeitenden, nonverbale Signale zu entschl\u00fcsseln, Botschaften klar und zielgerichtet zu formulieren sowie&nbsp; aktiv zuzuh\u00f6ren. Der Fokus liegt auf einer wertsch\u00e4tzenden und l\u00f6sungsorientierten Kommunikation, die Missverst\u00e4ndnisse vermeidet und die Zusammenarbeit im Team st\u00e4rkt. Mit praxisnahen \u00dcbungen und bew\u00e4hrten Methoden wird die Kommunikationskompetenz Ihrer Mitarbeitenden gef\u00f6rdert \u2013 f\u00fcr mehr Effizienz, Vertrauen und Erfolg im Arbeitsalltag.<br >\n<span  style=\"font-weight: 600;\">\n<br >Klarheit schaffen<\/span><br >\nBotschaften pr\u00e4zise und verst\u00e4ndlich formulieren.<br >\n<br >\n<span  style=\"font-weight: 600;\">Aktives Zuh\u00f6ren<\/span><br >\nGespr\u00e4chspartnerInnen besser verstehen und Vertrauen aufbauen.<br >\n<span  style=\"font-weight: 600;\">\n<br >Teamkommunikation st\u00e4rken<\/span><br >\nZusammenarbeit durch wertsch\u00e4tzenden Austausch f\u00f6rdern.<\/p><\/div> <\/div> <\/div> <div  class=\"features-image-cards-cardcol cp6cols-tablet cp6cols\"> <div  class=\"features-image-cards-cardrow\"><img  decoding=\"async\" class=\"features-image-cards-featimg\" src=\"https:\/\/sandra-rehm.de\/wp-content\/uploads\/2025\/06\/nina_skripietz_fotografie_Sandra_Rehm-59-von-83-scaled.jpg\" alt=\"Konflikttraining\"> <div  class=\"features-image-cards-cardtextrow\" data-type=\"column\"> <p  class=\"\">Klar und wertsch\u00e4tzend<\/p><h4  class=\"\">Konfliktf\u00e4higkeit<\/h4>  <hr  class=\"features-image-cards-separator\"> <p  class=\"\">Eine gesunde Konfliktkultur im Unternehmen ist entscheidend f\u00fcr ein produktives und harmonisches Arbeitsumfeld. Sie erm\u00f6glicht es den Mitarbeitenden, Konflikte fr\u00fchzeitig zu erkennen und offen anzusprechen, ohne Angst vor negativen Konsequenzen. Durch konstruktive Kommunikation und gegenseitigen Respekt werden Spannungen gel\u00f6st und Missverst\u00e4ndnisse gekl\u00e4rt. Das Training zur Erh\u00f6hung der Konfliktf\u00e4higkeit f\u00f6rdert die Zusammenarbeit, steigert die Zufriedenheit und tr\u00e4gt wesentlich zum langfristigen Erfolg des Unternehmens bei.<br ><span  style=\"font-weight: 600;\"><br >Erkennung von Konflikten:<\/span> \n<br >Fr\u00fchzeitige Identifikation von Spannungen und Konfliktsituationen.\n<br ><br >\n<span  style=\"font-weight: 600;\">Kommunikationstechniken:<\/span> \n<br >Entwicklung von F\u00e4higkeiten zur offenen und respektvollen Kommunikation.\n<br ><br >\n<span  style=\"font-weight: 600;\">L\u00f6sungsstrategien:<\/span> \n<br >Effektive Methoden zur Konfliktbew\u00e4ltigung und -l\u00f6sung.<\/p><\/div> <\/div> <\/div><\/div> <\/div><\/div>","protected":false},"excerpt":{"rendered":"<p>St\u00e4rken Sie die Kompetenzen Ihrer Mitarbeitenden f\u00fcr ein gutes Miteinander und Selbstf\u00fcrsorge! Gut ausgebildete und motivierte Mitarbeitende sind das Fundament jedes erfolgreichen Unternehmens. Meine Mitarbeitertrainings erg\u00e4nzen optimal die Beratungsangebote, um die gesamte Organisation nachhaltig zu st\u00e4rken. Mit den vier zentralen Bausteinen \u2013 Kommunikationstraining, Konfliktf\u00e4higkeit, Stressmanagement und Resilienzf\u00f6rderung \u2013 unterst\u00fctze ich Ihre Teams dabei, Herausforderungen souver\u00e4n&hellip; <br \/> <a class=\"button small blue\" href=\"https:\/\/sandra-rehm.de\/index.php\/mitarbeitertrainings\/\">Weiterlesen<\/a><\/p>\n","protected":false},"author":1,"featured_media":0,"parent":0,"menu_order":4,"comment_status":"closed","ping_status":"closed","template":"full-width-page.php","meta":{"footnotes":""},"class_list":["post-53","page","type-page","status-publish","hentry"],"yoast_head":"<!-- This site is optimized with the Yoast SEO plugin v27.1.1 - https:\/\/yoast.com\/product\/yoast-seo-wordpress\/ -->\n<title>Mitarbeitertrainings - Sandra Rehm - Gemeinsam f\u00fcr mehr Wohlbefinden<\/title>\n<meta name=\"robots\" content=\"index, follow, max-snippet:-1, max-image-preview:large, max-video-preview:-1\" \/>\n<link rel=\"canonical\" href=\"https:\/\/sandra-rehm.de\/index.php\/mitarbeitertrainings\/\" \/>\n<meta property=\"og:locale\" content=\"de_DE\" \/>\n<meta property=\"og:type\" content=\"article\" \/>\n<meta property=\"og:title\" content=\"Mitarbeitertrainings - Sandra Rehm - Gemeinsam f\u00fcr mehr Wohlbefinden\" \/>\n<meta property=\"og:description\" content=\"St\u00e4rken Sie die Kompetenzen Ihrer Mitarbeitenden f\u00fcr ein gutes Miteinander und Selbstf\u00fcrsorge! Gut ausgebildete und motivierte Mitarbeitende sind das Fundament jedes erfolgreichen Unternehmens. Meine Mitarbeitertrainings erg\u00e4nzen optimal die Beratungsangebote, um die gesamte Organisation nachhaltig zu st\u00e4rken. Mit den vier zentralen Bausteinen \u2013 Kommunikationstraining, Konfliktf\u00e4higkeit, Stressmanagement und Resilienzf\u00f6rderung \u2013 unterst\u00fctze ich Ihre Teams dabei, Herausforderungen souver\u00e4n&hellip; Weiterlesen\" \/>\n<meta property=\"og:url\" content=\"https:\/\/sandra-rehm.de\/index.php\/mitarbeitertrainings\/\" \/>\n<meta property=\"og:site_name\" content=\"Sandra Rehm - Gemeinsam f\u00fcr mehr Wohlbefinden\" \/>\n<meta property=\"article:modified_time\" content=\"2025-06-04T12:47:42+00:00\" \/>\n<meta property=\"og:image\" content=\"https:\/\/sandra-rehm.de\/wp-content\/uploads\/2025\/06\/nina_skripietz_fotografie_Sandra_Rehm-48-von-83-scaled.jpg\" \/>\n<meta name=\"twitter:card\" content=\"summary_large_image\" \/>\n<meta name=\"twitter:label1\" content=\"Gesch\u00e4tzte Lesezeit\" \/>\n\t<meta name=\"twitter:data1\" content=\"3\u00a0Minuten\" \/>\n<script type=\"application\/ld+json\" class=\"yoast-schema-graph\">{\"@context\":\"https:\/\/schema.org\",\"@graph\":[{\"@type\":\"WebPage\",\"@id\":\"https:\/\/sandra-rehm.de\/index.php\/mitarbeitertrainings\/\",\"url\":\"https:\/\/sandra-rehm.de\/index.php\/mitarbeitertrainings\/\",\"name\":\"Mitarbeitertrainings - Sandra Rehm - Gemeinsam f\u00fcr mehr Wohlbefinden\",\"isPartOf\":{\"@id\":\"https:\/\/sandra-rehm.de\/#website\"},\"primaryImageOfPage\":{\"@id\":\"https:\/\/sandra-rehm.de\/index.php\/mitarbeitertrainings\/#primaryimage\"},\"image\":{\"@id\":\"https:\/\/sandra-rehm.de\/index.php\/mitarbeitertrainings\/#primaryimage\"},\"thumbnailUrl\":\"https:\/\/sandra-rehm.de\/wp-content\/uploads\/2025\/06\/nina_skripietz_fotografie_Sandra_Rehm-48-von-83-scaled.jpg\",\"datePublished\":\"2024-11-26T10:14:18+00:00\",\"dateModified\":\"2025-06-04T12:47:42+00:00\",\"breadcrumb\":{\"@id\":\"https:\/\/sandra-rehm.de\/index.php\/mitarbeitertrainings\/#breadcrumb\"},\"inLanguage\":\"de\",\"potentialAction\":[{\"@type\":\"ReadAction\",\"target\":[\"https:\/\/sandra-rehm.de\/index.php\/mitarbeitertrainings\/\"]}]},{\"@type\":\"ImageObject\",\"inLanguage\":\"de\",\"@id\":\"https:\/\/sandra-rehm.de\/index.php\/mitarbeitertrainings\/#primaryimage\",\"url\":\"https:\/\/sandra-rehm.de\/wp-content\/uploads\/2025\/06\/nina_skripietz_fotografie_Sandra_Rehm-48-von-83-scaled.jpg\",\"contentUrl\":\"https:\/\/sandra-rehm.de\/wp-content\/uploads\/2025\/06\/nina_skripietz_fotografie_Sandra_Rehm-48-von-83-scaled.jpg\",\"width\":2560,\"height\":1703,\"caption\":\"Ressourcenarbeit im Stressmanagement\"},{\"@type\":\"BreadcrumbList\",\"@id\":\"https:\/\/sandra-rehm.de\/index.php\/mitarbeitertrainings\/#breadcrumb\",\"itemListElement\":[{\"@type\":\"ListItem\",\"position\":1,\"name\":\"Startseite\",\"item\":\"https:\/\/sandra-rehm.de\/\"},{\"@type\":\"ListItem\",\"position\":2,\"name\":\"Mitarbeitertrainings\"}]},{\"@type\":\"WebSite\",\"@id\":\"https:\/\/sandra-rehm.de\/#website\",\"url\":\"https:\/\/sandra-rehm.de\/\",\"name\":\"Sandra Rehm - Gemeinsam f\u00fcr mehr Wohlbefinden\",\"description\":\"\",\"publisher\":{\"@id\":\"https:\/\/sandra-rehm.de\/#organization\"},\"potentialAction\":[{\"@type\":\"SearchAction\",\"target\":{\"@type\":\"EntryPoint\",\"urlTemplate\":\"https:\/\/sandra-rehm.de\/?s={search_term_string}\"},\"query-input\":{\"@type\":\"PropertyValueSpecification\",\"valueRequired\":true,\"valueName\":\"search_term_string\"}}],\"inLanguage\":\"de\"},{\"@type\":\"Organization\",\"@id\":\"https:\/\/sandra-rehm.de\/#organization\",\"name\":\"Sandra Rehm - Gemeinsam f\u00fcr mehr Wohlbefinden\",\"url\":\"https:\/\/sandra-rehm.de\/\",\"logo\":{\"@type\":\"ImageObject\",\"inLanguage\":\"de\",\"@id\":\"https:\/\/sandra-rehm.de\/#\/schema\/logo\/image\/\",\"url\":\"https:\/\/sandra-rehm.de\/wp-content\/uploads\/2024\/11\/cropped-cropped-Logo-Slogan.jpg\",\"contentUrl\":\"https:\/\/sandra-rehm.de\/wp-content\/uploads\/2024\/11\/cropped-cropped-Logo-Slogan.jpg\",\"width\":1631,\"height\":516,\"caption\":\"Sandra Rehm - Gemeinsam f\u00fcr mehr Wohlbefinden\"},\"image\":{\"@id\":\"https:\/\/sandra-rehm.de\/#\/schema\/logo\/image\/\"},\"sameAs\":[\"https:\/\/www.instagram.com\/sandra_rehm_gfm_wohlbefinden\"]}]}<\/script>\n<!-- \/ Yoast SEO plugin. -->","yoast_head_json":{"title":"Mitarbeitertrainings - Sandra Rehm - Gemeinsam f\u00fcr mehr Wohlbefinden","robots":{"index":"index","follow":"follow","max-snippet":"max-snippet:-1","max-image-preview":"max-image-preview:large","max-video-preview":"max-video-preview:-1"},"canonical":"https:\/\/sandra-rehm.de\/index.php\/mitarbeitertrainings\/","og_locale":"de_DE","og_type":"article","og_title":"Mitarbeitertrainings - Sandra Rehm - Gemeinsam f\u00fcr mehr Wohlbefinden","og_description":"St\u00e4rken Sie die Kompetenzen Ihrer Mitarbeitenden f\u00fcr ein gutes Miteinander und Selbstf\u00fcrsorge! Gut ausgebildete und motivierte Mitarbeitende sind das Fundament jedes erfolgreichen Unternehmens. Meine Mitarbeitertrainings erg\u00e4nzen optimal die Beratungsangebote, um die gesamte Organisation nachhaltig zu st\u00e4rken. Mit den vier zentralen Bausteinen \u2013 Kommunikationstraining, Konfliktf\u00e4higkeit, Stressmanagement und Resilienzf\u00f6rderung \u2013 unterst\u00fctze ich Ihre Teams dabei, Herausforderungen souver\u00e4n&hellip; Weiterlesen","og_url":"https:\/\/sandra-rehm.de\/index.php\/mitarbeitertrainings\/","og_site_name":"Sandra Rehm - Gemeinsam f\u00fcr mehr Wohlbefinden","article_modified_time":"2025-06-04T12:47:42+00:00","og_image":[{"url":"https:\/\/sandra-rehm.de\/wp-content\/uploads\/2025\/06\/nina_skripietz_fotografie_Sandra_Rehm-48-von-83-scaled.jpg","type":"","width":"","height":""}],"twitter_card":"summary_large_image","twitter_misc":{"Gesch\u00e4tzte Lesezeit":"3\u00a0Minuten"},"schema":{"@context":"https:\/\/schema.org","@graph":[{"@type":"WebPage","@id":"https:\/\/sandra-rehm.de\/index.php\/mitarbeitertrainings\/","url":"https:\/\/sandra-rehm.de\/index.php\/mitarbeitertrainings\/","name":"Mitarbeitertrainings - Sandra Rehm - Gemeinsam f\u00fcr mehr Wohlbefinden","isPartOf":{"@id":"https:\/\/sandra-rehm.de\/#website"},"primaryImageOfPage":{"@id":"https:\/\/sandra-rehm.de\/index.php\/mitarbeitertrainings\/#primaryimage"},"image":{"@id":"https:\/\/sandra-rehm.de\/index.php\/mitarbeitertrainings\/#primaryimage"},"thumbnailUrl":"https:\/\/sandra-rehm.de\/wp-content\/uploads\/2025\/06\/nina_skripietz_fotografie_Sandra_Rehm-48-von-83-scaled.jpg","datePublished":"2024-11-26T10:14:18+00:00","dateModified":"2025-06-04T12:47:42+00:00","breadcrumb":{"@id":"https:\/\/sandra-rehm.de\/index.php\/mitarbeitertrainings\/#breadcrumb"},"inLanguage":"de","potentialAction":[{"@type":"ReadAction","target":["https:\/\/sandra-rehm.de\/index.php\/mitarbeitertrainings\/"]}]},{"@type":"ImageObject","inLanguage":"de","@id":"https:\/\/sandra-rehm.de\/index.php\/mitarbeitertrainings\/#primaryimage","url":"https:\/\/sandra-rehm.de\/wp-content\/uploads\/2025\/06\/nina_skripietz_fotografie_Sandra_Rehm-48-von-83-scaled.jpg","contentUrl":"https:\/\/sandra-rehm.de\/wp-content\/uploads\/2025\/06\/nina_skripietz_fotografie_Sandra_Rehm-48-von-83-scaled.jpg","width":2560,"height":1703,"caption":"Ressourcenarbeit im Stressmanagement"},{"@type":"BreadcrumbList","@id":"https:\/\/sandra-rehm.de\/index.php\/mitarbeitertrainings\/#breadcrumb","itemListElement":[{"@type":"ListItem","position":1,"name":"Startseite","item":"https:\/\/sandra-rehm.de\/"},{"@type":"ListItem","position":2,"name":"Mitarbeitertrainings"}]},{"@type":"WebSite","@id":"https:\/\/sandra-rehm.de\/#website","url":"https:\/\/sandra-rehm.de\/","name":"Sandra Rehm - Gemeinsam f\u00fcr mehr Wohlbefinden","description":"","publisher":{"@id":"https:\/\/sandra-rehm.de\/#organization"},"potentialAction":[{"@type":"SearchAction","target":{"@type":"EntryPoint","urlTemplate":"https:\/\/sandra-rehm.de\/?s={search_term_string}"},"query-input":{"@type":"PropertyValueSpecification","valueRequired":true,"valueName":"search_term_string"}}],"inLanguage":"de"},{"@type":"Organization","@id":"https:\/\/sandra-rehm.de\/#organization","name":"Sandra Rehm - Gemeinsam f\u00fcr mehr Wohlbefinden","url":"https:\/\/sandra-rehm.de\/","logo":{"@type":"ImageObject","inLanguage":"de","@id":"https:\/\/sandra-rehm.de\/#\/schema\/logo\/image\/","url":"https:\/\/sandra-rehm.de\/wp-content\/uploads\/2024\/11\/cropped-cropped-Logo-Slogan.jpg","contentUrl":"https:\/\/sandra-rehm.de\/wp-content\/uploads\/2024\/11\/cropped-cropped-Logo-Slogan.jpg","width":1631,"height":516,"caption":"Sandra Rehm - Gemeinsam f\u00fcr mehr Wohlbefinden"},"image":{"@id":"https:\/\/sandra-rehm.de\/#\/schema\/logo\/image\/"},"sameAs":["https:\/\/www.instagram.com\/sandra_rehm_gfm_wohlbefinden"]}]}},"_links":{"self":[{"href":"https:\/\/sandra-rehm.de\/index.php\/wp-json\/wp\/v2\/pages\/53","targetHints":{"allow":["GET"]}}],"collection":[{"href":"https:\/\/sandra-rehm.de\/index.php\/wp-json\/wp\/v2\/pages"}],"about":[{"href":"https:\/\/sandra-rehm.de\/index.php\/wp-json\/wp\/v2\/types\/page"}],"author":[{"embeddable":true,"href":"https:\/\/sandra-rehm.de\/index.php\/wp-json\/wp\/v2\/users\/1"}],"replies":[{"embeddable":true,"href":"https:\/\/sandra-rehm.de\/index.php\/wp-json\/wp\/v2\/comments?post=53"}],"version-history":[{"count":25,"href":"https:\/\/sandra-rehm.de\/index.php\/wp-json\/wp\/v2\/pages\/53\/revisions"}],"predecessor-version":[{"id":790,"href":"https:\/\/sandra-rehm.de\/index.php\/wp-json\/wp\/v2\/pages\/53\/revisions\/790"}],"wp:attachment":[{"href":"https:\/\/sandra-rehm.de\/index.php\/wp-json\/wp\/v2\/media?parent=53"}],"curies":[{"name":"wp","href":"https:\/\/api.w.org\/{rel}","templated":true}]}}